{"id":230738,"date":"2024-10-04T13:10:22","date_gmt":"2024-10-04T11:10:22","guid":{"rendered":"https:\/\/ferrovieappulolucane.it\/?page_id=230738"},"modified":"2024-10-24T14:18:26","modified_gmt":"2024-10-24T12:18:26","slug":"tutta-tua-la-citta-presentazione","status":"publish","type":"page","link":"https:\/\/ferrovieappulolucane.it\/en\/tutta-tua-la-citta-presentazione\/","title":{"rendered":"Tutta tua la citt\u00e0 &#8211; Presentazione"},"content":{"rendered":"<p class=\"v1MsoNormal\" align=\"center\"><b>\u00a0<\/b><\/p>\n<p class=\"v1MsoNormal\"><b><img loading=\"lazy\" decoding=\"async\" class=\"aligncenter wp-image-230762 size-full\" src=\"https:\/\/ferrovieappulolucane.it\/wp-content\/uploads\/2024\/10\/tuttatualacitta-campagna.jpg\" alt=\"\" width=\"1434\" height=\"550\" srcset=\"https:\/\/ferrovieappulolucane.it\/wp-content\/uploads\/2024\/10\/tuttatualacitta-campagna.jpg 1434w, https:\/\/ferrovieappulolucane.it\/wp-content\/uploads\/2024\/10\/tuttatualacitta-campagna-300x115.jpg 300w, https:\/\/ferrovieappulolucane.it\/wp-content\/uploads\/2024\/10\/tuttatualacitta-campagna-1024x393.jpg 1024w, https:\/\/ferrovieappulolucane.it\/wp-content\/uploads\/2024\/10\/tuttatualacitta-campagna-768x295.jpg 768w\" sizes=\"auto, (max-width: 1434px) 100vw, 1434px\" \/><\/b><\/p>\n<p><b>24 OTTOBRE 2024 \u2013 PRESENTATI A MATERA I NUOVI SERVIZI METROPOLITANI<\/b><\/p>\n<div dir=\"auto\">Sedici nuove coppie di treni, che si aggiungono alle 18 gi\u00e0 in servizio, per un totale di 34 coppie e, quindi, 68 collegamenti al giorno che nei giorni feriali, dalle 5.30 alle 23, con cadenza in media ogni 30 minuti, effettueranno 5 fermate sui 10 chilometri di estensione della linea ferroviaria in citt\u00e0 (Matera Sud, Matera Centrale, Matera Villa Longo, Matera Serra Rifusa, Venusio); una fermata ferroviaria, una di autobus ed un parcheggio di scambio gratuito da 300 posti auto. Sono i numeri del nuovo servizio ferroviario metropolitano che \u00e8 partito oggi a Matera (il 7 ottobre scorso a Potenza) nell\u2019ambito degli accordi tra Fal e Regione Basilicata per garantire ai cittadini di Matera una vera e propria metropolitana di superficie e all\u2019intera Basilicata una mobilit\u00e0 moderna, efficiente, sostenibile. In Basilicata Fal ha completamente rinnovato il parco mezzi che, ad oggi, \u00e8 tra i pi\u00f9 giovani d\u2019Italia con un\u2019et\u00e0 media di 9 anni; tutti i treni sono accessibili a persone con ridotte capacit\u00e0 motorie, anche con carrozzina. Anche tutte le stazioni materane, recentemente ristrutturate, sono state rese accessibili, moderne e \u2018green\u2019, dotate di tornelli, monitor informativi per gli utenti, wi-fi gratuito, pannelli solari, luci a led. I nuovi servizi metropolitani sono stati presentati in una conferenza stampa all\u2019interno del Terminal di Serra Rifusa, dal Presidente di Ferrovie Appulo Lucane, Vittorio Zizza; dal Direttore Generale, Matteo Colamussi; dal Vicepresidente ed Assessore alle Infrastrutture e Trasporti della Regione Basilicata, Pasquale Pepe.<\/div>\n<div dir=\"ltr\">\n<div>\n<div>\n<p>\u201cSono molto orgoglioso di presentare un altro importante risultato del lavoro di questo Cda, del Direttore Generale, del management e di tutti i dipendenti di questa Azienda \u2013 ha detto il Presidente di Ferrovie Appulo Lucane, Vittorio Zizza \u2013 L\u2019avvio di questi nuovi servizi metropolitani oggi a Matera e dal 7 ottobre scorso a Potenza, conferma che la nostra Azienda \u00e8 interlocutore affidabile e dinamico per Regione ed Enti Locali e che \u00e8 in grado di garantire ai cittadini lucani non solo un servizio di trasporto pubblico moderno, ma anche un\u2019offerta variegata di modalit\u00e0 trasportistiche che vanno incontro alla sempre crescente domanda da parte degli utenti ed alla sempre pi\u00f9 urgente necessit\u00e0 di decongestionare il traffico nelle citt\u00e0, di migliorare la vivibilit\u00e0, la viabilit\u00e0 e la qualit\u00e0 dell\u2019ambiente. Siamo consapevoli che ci sia ancora molto da fare, ma anche che questa sia la strada giusta da percorrere, per continuare a migliorarci ed a garantire ai cittadini lucani il diritto alla mobilit\u00e0\u201d.<\/p>\n<p>\u201cOggi \u00e8 l\u2019inizio di una nuova fase verso una mobilit\u00e0 pi\u00f9 dinamica e sostenibile per la citt\u00e0 di Matera \u2013 ha detto il Direttore Generale di Fal, Matteo Colamussi \u2013 Grazie alla Regione Basilicata possiamo finalmente avviare il servizio metropolitano con 34 corse giornaliere, con cadenza in media ogni 30 minuti. Questo per noi rappresenta un punto di partenza per realizzare non solo una buona pratica di interconnessione, ma anche un perfetto esempio di intermodalit\u00e0. Infatti, entro la fine di quest\u2019anno,\u00a0 nell\u2019ambito del progetto di sharing mobility, avvieremo il bike sharing. Un servizio di noleggio bici a prezzi scontati per gli utenti Fal che aggiunger\u00e0, per esempio in questo Terminal, alla fermata ferroviaria, alla fermata di autobus ed al parcheggio gratuito da 300 posti auto. Non va inoltre trascurato il risultato pi\u00f9 importante, anch\u2019esso frutto della sinergia con la Regione Basilicata ed il Comune di Matera: dal 2026 Matera sar\u00e0 l\u2019unica citt\u00e0 al mondo ad essere attraversata esclusivamente da treni a batteria. Ci\u00f2 contribuir\u00e0 ad accelerare il\u00a0 processo di decarbonizzazione in una delle citt\u00e0 pi\u00f9 affascinanti ed interessanti del mondo\u201d.<\/p>\n<p dir=\"auto\">\u201cSiamo entusiasti di aver avviato i servizi metropolitani a Potenza e Matera \u2013 ha detto l\u2019assessore Pepe \u2013 questa \u00e8 una fase sperimentale in cui capiremo casa va bene e cosa va meno bene per poter migliorare. \u00c8 un segnale molto importante per Matera perch\u00e8 la rende ancora pi\u00f9 accessibile anche per i turisti. Siamo consapevoli \u2013 ha aggiunto \u2013 che c\u2019\u00e8 ancora molto da fare: i prossimi obiettivi sono la decarbonizzazione totale do Matera entro il 2026 ed il progetto di prolungamento della linea Fal fino all\u2019ospedale. Questa \u00e8\u00a0 una sfida che raccogliamo e su cui siamo molto ottimisti\u201d.<\/p>\n<p dir=\"auto\">Al termine della conferenza stampa si \u00e8 svolto un viaggio in treno lungo la tratta metropolitana di Matera, con brevi soste nelle cinque stazioni servite. Gli orari dei nuovi servizi sono disponibili, sul sito e sulla APP di Ferrovie Appulo Lucane, nonch\u00e8 su totem e pieghevoli distribuiti nelle stazioni di Matera; contengono anche un QR code che, inquadrato con la fotocamera di un dispositivo mobile, consente di scaricare gli orari.<\/p>\n<\/div>\n<\/div>\n<\/div>\n<p><a href=\"https:\/\/ferrovieappulolucane.it\/wp-content\/uploads\/2024\/10\/totem-interni-grafica-orari-MATERA.pdf\" aria-expanded=\"false\">Clicca qui per visualizzare gli orari del servizio metropolitano di Matera, in vigore dal 24 ottobre 2024<\/a><\/p>\n<div id='gallery-1' class='gallery galleryid-230738 gallery-columns-3 gallery-size-thumbnail'><figure class='gallery-item'>\n\t\t\t<div class='gallery-icon landscape'>\n\t\t\t\t<a href='https:\/\/ferrovieappulolucane.it\/wp-content\/uploads\/2024\/10\/WhatsApp-Image-2024-10-24-at-13.00.44-2.jpg'><img loading=\"lazy\" decoding=\"async\" width=\"150\" height=\"150\" src=\"https:\/\/ferrovieappulolucane.it\/wp-content\/uploads\/2024\/10\/WhatsApp-Image-2024-10-24-at-13.00.44-2-150x150.jpg\" class=\"attachment-thumbnail size-thumbnail\" alt=\"\" \/><\/a>\n\t\t\t<\/div><\/figure><figure class='gallery-item'>\n\t\t\t<div class='gallery-icon landscape'>\n\t\t\t\t<a href='https:\/\/ferrovieappulolucane.it\/wp-content\/uploads\/2024\/10\/WhatsApp-Image-2024-10-24-at-12.58.42.jpg'><img loading=\"lazy\" decoding=\"async\" width=\"150\" height=\"150\" src=\"https:\/\/ferrovieappulolucane.it\/wp-content\/uploads\/2024\/10\/WhatsApp-Image-2024-10-24-at-12.58.42-150x150.jpg\" class=\"attachment-thumbnail size-thumbnail\" alt=\"\" \/><\/a>\n\t\t\t<\/div><\/figure><figure class='gallery-item'>\n\t\t\t<div class='gallery-icon landscape'>\n\t\t\t\t<a href='https:\/\/ferrovieappulolucane.it\/wp-content\/uploads\/2024\/10\/WhatsApp-Image-2024-10-24-at-12.58.42-1.jpg'><img loading=\"lazy\" decoding=\"async\" width=\"150\" height=\"150\" src=\"https:\/\/ferrovieappulolucane.it\/wp-content\/uploads\/2024\/10\/WhatsApp-Image-2024-10-24-at-12.58.42-1-150x150.jpg\" class=\"attachment-thumbnail size-thumbnail\" alt=\"\" \/><\/a>\n\t\t\t<\/div><\/figure><figure class='gallery-item'>\n\t\t\t<div class='gallery-icon landscape'>\n\t\t\t\t<a href='https:\/\/ferrovieappulolucane.it\/wp-content\/uploads\/2024\/10\/WhatsApp-Image-2024-10-24-at-12.58.40.jpg'><img loading=\"lazy\" decoding=\"async\" width=\"150\" height=\"150\" src=\"https:\/\/ferrovieappulolucane.it\/wp-content\/uploads\/2024\/10\/WhatsApp-Image-2024-10-24-at-12.58.40-150x150.jpg\" class=\"attachment-thumbnail size-thumbnail\" alt=\"\" \/><\/a>\n\t\t\t<\/div><\/figure><figure class='gallery-item'>\n\t\t\t<div class='gallery-icon landscape'>\n\t\t\t\t<a href='https:\/\/ferrovieappulolucane.it\/wp-content\/uploads\/2024\/10\/WhatsApp-Image-2024-10-24-at-12.58.39.jpg'><img loading=\"lazy\" decoding=\"async\" width=\"150\" height=\"150\" src=\"https:\/\/ferrovieappulolucane.it\/wp-content\/uploads\/2024\/10\/WhatsApp-Image-2024-10-24-at-12.58.39-150x150.jpg\" class=\"attachment-thumbnail size-thumbnail\" alt=\"\" \/><\/a>\n\t\t\t<\/div><\/figure><figure class='gallery-item'>\n\t\t\t<div class='gallery-icon landscape'>\n\t\t\t\t<a href='https:\/\/ferrovieappulolucane.it\/wp-content\/uploads\/2024\/10\/WhatsApp-Image-2024-10-24-at-12.58.38.jpg'><img loading=\"lazy\" decoding=\"async\" width=\"150\" height=\"150\" src=\"https:\/\/ferrovieappulolucane.it\/wp-content\/uploads\/2024\/10\/WhatsApp-Image-2024-10-24-at-12.58.38-150x150.jpg\" class=\"attachment-thumbnail size-thumbnail\" alt=\"\" \/><\/a>\n\t\t\t<\/div><\/figure><figure class='gallery-item'>\n\t\t\t<div class='gallery-icon landscape'>\n\t\t\t\t<a href='https:\/\/ferrovieappulolucane.it\/wp-content\/uploads\/2024\/10\/WhatsApp-Image-2024-10-24-at-12.27.03.jpg'><img loading=\"lazy\" decoding=\"async\" width=\"150\" height=\"150\" src=\"https:\/\/ferrovieappulolucane.it\/wp-content\/uploads\/2024\/10\/WhatsApp-Image-2024-10-24-at-12.27.03-150x150.jpg\" class=\"attachment-thumbnail size-thumbnail\" alt=\"\" \/><\/a>\n\t\t\t<\/div><\/figure><figure class='gallery-item'>\n\t\t\t<div class='gallery-icon landscape'>\n\t\t\t\t<a href='https:\/\/ferrovieappulolucane.it\/wp-content\/uploads\/2024\/10\/WhatsApp-Image-2024-10-24-at-12.27.03-2.jpg'><img loading=\"lazy\" decoding=\"async\" width=\"150\" height=\"150\" src=\"https:\/\/ferrovieappulolucane.it\/wp-content\/uploads\/2024\/10\/WhatsApp-Image-2024-10-24-at-12.27.03-2-150x150.jpg\" class=\"attachment-thumbnail size-thumbnail\" alt=\"\" \/><\/a>\n\t\t\t<\/div><\/figure><figure class='gallery-item'>\n\t\t\t<div class='gallery-icon landscape'>\n\t\t\t\t<a href='https:\/\/ferrovieappulolucane.it\/wp-content\/uploads\/2024\/10\/WhatsApp-Image-2024-10-24-at-12.27.03-1.jpg'><img loading=\"lazy\" decoding=\"async\" width=\"150\" height=\"150\" src=\"https:\/\/ferrovieappulolucane.it\/wp-content\/uploads\/2024\/10\/WhatsApp-Image-2024-10-24-at-12.27.03-1-150x150.jpg\" class=\"attachment-thumbnail size-thumbnail\" alt=\"\" \/><\/a>\n\t\t\t<\/div><\/figure><figure class='gallery-item'>\n\t\t\t<div class='gallery-icon landscape'>\n\t\t\t\t<a href='https:\/\/ferrovieappulolucane.it\/wp-content\/uploads\/2024\/10\/parcheggio-matera-serra-rifusa-da-alto.jpg'><img loading=\"lazy\" decoding=\"async\" width=\"150\" height=\"150\" src=\"https:\/\/ferrovieappulolucane.it\/wp-content\/uploads\/2024\/10\/parcheggio-matera-serra-rifusa-da-alto-150x150.jpg\" class=\"attachment-thumbnail size-thumbnail\" alt=\"\" \/><\/a>\n\t\t\t<\/div><\/figure><figure class='gallery-item'>\n\t\t\t<div class='gallery-icon landscape'>\n\t\t\t\t<a href='https:\/\/ferrovieappulolucane.it\/wp-content\/uploads\/2024\/10\/ingresso-parcheggio-matera-serra-rifusa.jpg'><img loading=\"lazy\" decoding=\"async\" width=\"150\" height=\"150\" src=\"https:\/\/ferrovieappulolucane.it\/wp-content\/uploads\/2024\/10\/ingresso-parcheggio-matera-serra-rifusa-150x150.jpg\" class=\"attachment-thumbnail size-thumbnail\" alt=\"\" \/><\/a>\n\t\t\t<\/div><\/figure><figure class='gallery-item'>\n\t\t\t<div class='gallery-icon landscape'>\n\t\t\t\t<a href='https:\/\/ferrovieappulolucane.it\/wp-content\/uploads\/2024\/10\/24_10_24_stazione-matera-serra-rifusa-treno-totem-orari.jpg'><img loading=\"lazy\" decoding=\"async\" width=\"150\" height=\"150\" src=\"https:\/\/ferrovieappulolucane.it\/wp-content\/uploads\/2024\/10\/24_10_24_stazione-matera-serra-rifusa-treno-totem-orari-150x150.jpg\" class=\"attachment-thumbnail size-thumbnail\" alt=\"\" \/><\/a>\n\t\t\t<\/div><\/figure><figure class='gallery-item'>\n\t\t\t<div class='gallery-icon landscape'>\n\t\t\t\t<a href='https:\/\/ferrovieappulolucane.it\/wp-content\/uploads\/2024\/10\/24_10_24_stazione-matera-serra-rifusa-binari.jpg'><img loading=\"lazy\" decoding=\"async\" width=\"150\" height=\"150\" src=\"https:\/\/ferrovieappulolucane.it\/wp-content\/uploads\/2024\/10\/24_10_24_stazione-matera-serra-rifusa-binari-150x150.jpg\" class=\"attachment-thumbnail size-thumbnail\" alt=\"\" \/><\/a>\n\t\t\t<\/div><\/figure>\n\t\t<\/div>\n\n<p><b>\u00a0<\/b><\/p>\n<p><b>7 OTTOBRE 2024 \u2013\u00a0 POTENZA: INAUGURATI NUOVA STAZIONE GALLITELLO E SERVIZIO METRO<\/b><\/p>\n<p class=\"v1MsoNormal\">Una nuova stazione con annesso parcheggio di scambio gratuito da circa 200 posti auto al Terminal del Gallitello; 34 collegamenti giornalieri (andata e ritorno) che effettueranno 5 fermate sul percorso cittadino (Terminal Gallitello, Potenza Inferiore Scalo, Potenza Inferiore, San Rocco, Potenza Citt\u00e0, Potenza S. Maria) dalle 4.55 alle 23, nei giorni feriali.<\/p>\n<p class=\"v1MsoNormal\">Sono i numeri del nuovo servizio ferroviario metropolitano che \u00e8 partito oggi a Potenza (il 24 ottobre prossimo a Matera) nell\u2019ambito degli accordi tra Fal e Regione Basilicata per garantire ai cittadini di Potenza una vera e propria metropolitana di superficie e all\u2019intera Basilicata una mobilit\u00e0 moderna, efficiente, sostenibile.<\/p>\n<p class=\"v1MsoNormal\">La nuova stazione \u00e8 stata realizzata all\u2019interno della vecchia officina ferroviaria che \u00e8 stata completamente ristrutturata e dotata di moderni servizi per gli utenti (info point, sala d\u2019attesa, monitor informativi, wifi gratuito).<\/p>\n<p class=\"v1MsoNormal\">Alla manifestazione hanno partecipato il Presidente di Ferrovie Appulo Lucane,\u00a0<b>Vittorio Zizza<\/b>; il Direttore Generale,\u00a0<b>Matteo Colamussi<\/b>; il Sindaco di Potenza,\u00a0<b>Vincenzo Telesca<\/b>; il Vicepresidente ed Assessore alle Infrastrutture e Trasporti della Regione Basilicata,\u00a0<b>Pasquale Pepe<\/b>; il Presidente della Regione,\u00a0<b>Vito Bardi<\/b>.<\/p>\n<p class=\"v1MsoNormal\">\u201cA febbraio scorso in questo luogo, appena insediatomi alla guida del nuovo Cda di Fal \u2013 ha detto il\u00a0<b>Presidente di Ferrovie Appulo Lucane,<\/b>\u00a0<b>Vittorio Zizza<\/b>\u00a0\u2013 accolsi il ministro Salvini. Lui ed il Sen. Pasquale Pepe, oggi assessore regionale ai Trasporti, mi affidarono la prima sfida: aprire questo luogo e questa bellissima stazione. Bene oggi, dopo 8 mesi, siamo qui a tagliare il nastro ed a celebrare il raggiungimento di questo traguardo nonostante molteplici insidie, per lo pi\u00f9 burocratiche. Per noi questo \u00e8 solo un punto di partenza, perch\u00e9 intendiamo andare oltre il comfort, la modernit\u00e0 e l\u2019accessibilit\u00e0 di questa stazione. Per questo annuncio con orgoglio che, nel Cda che terremo oggi pomeriggio, approveremo la Delibera con cui la nostra Societ\u00e0 investe 3 milioni e mezzo di euro di proprie risorse per ricostruire una nuova officina ferroviaria. E\u2019 un segno tangibile \u00a0\u2013 ha aggiunto \u2013 dell\u2019impegno che vogliamo promuovere per questa terra. Fin dai primi giorni del mio insediamento a gennaio scorso, con il Cda, con il Direttore Generale, con i Dirigenti, con le nostre maestranze, con i rappresentanti delle Istituzioni e degli Enti Locali, ci siamo impegnati quotidianamente per dare impulso al grande lavoro che gi\u00e0 era stato fatto per migliorare le condizioni del trasporto pubblico e la qualit\u00e0 della vita dei cittadini di Potenza e di tutta la Basilicata, ma anche a rafforzare le sinergie con Istituzioni, Enti Locali e Governo. Oggi l\u2019inaugurazione di questa stazione e l\u2019avvio dei nuovi servizi metropolitani di Fal nella Citt\u00e0 di Potenza (il 24 saranno avviati anche a Matera), suggellano una sorta di Patto con i cittadini e le Istituzioni, per garantire il diritto alla mobilit\u00e0 dei lucani\u201d.<\/p>\n<p class=\"v1MsoNormal\"><b>Il Direttore Generale di Fal, Matteo Colamussi<\/b>\u00a0ha detto: \u201cOggi inauguriamo la stazione che ha sicuramente pi\u00f9 anima, che identifica al meglio i tanti ferrovieri che negli anni, con il loro impegno e con il loro lavoro, hanno garantito la mobilit\u00e0 in Basilicata. Aggiungiamo un altro tassello per concretizzare in tutta la Basilicata il modello Fal: non solo consegniamo alla comunit\u00e0 lucana un hub trasportistico efficiente ed accessibile, una prova tangibile di connessione ed interconnessione trasportistica, ma soprattutto, preserviamo la nostra storia e restituiamo alla citt\u00e0 un luogo identitario che testimonia appartenenza al territorio e alle persone. Ed \u00e8 questo il significato del globo illuminato che abbiamo voluto installare qui, in linea con lo slogan \u2018Tutta tua la citt\u00e0\u2019: connessione al mondo, senso di appartenenza e maggiore rispetto per l\u2019ambiente. \u00a0Credo \u00a0\u2013 ha aggiunto \u2013 che abbiamo vinto una scommessa importante e coraggiosa: trasformare una vecchia officina in un moderno contenitore che servir\u00e0 alla citt\u00e0 come strumento, speriamo indispensabile, per favorire la mobilit\u00e0 cittadina, ma soprattutto per riconoscere e celebrare l\u2019azione umana compiuta ogni giorno da tante persone di questa Azienda. Oggi raccogliamo un ulteriore importante risultato, frutto di una sinergia che funziona sempre pi\u00f9 tra la nostra Azienda, la Regione Basilicata e le sue Autorit\u00e0. Dopo il totale rinnovo del nostro parco mezzi e di gran parte delle stazioni, partiamo con i nuovi servizi metropolitani ed assumiamo l\u2019impegno, entro i prossimi 30 mesi, di ammodernare anche le stazioni di Potenza Citt\u00e0 e Potenza Santa Maria, per portare a compimento un modello trasportistico efficiente ed accessibile\u201d.<\/p>\n<p class=\"v1MsoNormal\" dir=\"auto\"><span style=\"font-family: Times New Roman, serif;font-size: medium\">Il\u00a0<b>Sindaco di Potenza, Vincenzo Telesca<\/b>, ha detto:\u00a0<\/span>\u201cSiamo felicissimi di questa inaugurazione, studieremo nella citt\u00e1 di Potenza una mobilit\u00e0 diversa anche per unire il trasporto su gomma con la metro leggera.\u00a0 Complimenti alla Regione che ha tenuto fede agli impegni, ma anche a Fal, con la magistrale guida del Dg Colamussi che \u00e8 un visionario, ha avuto la visione di un intervento futuristico che soltanto grazie alla sua verve oggi inauguriamo e non possiamo che esserne felici\u201d.<\/p>\n<p class=\"v1MsoNormal\" dir=\"auto\">Secondo\u00a0<b>l\u2019assessore regionale ai Trasporti, Pasquale Pepe<\/b>:\u00a0\u201c\u00c8 una pagina importante della mobilit\u00e0 in Basilicata, un tuffo verso il futuro con un atto concreto. Abbiamo in mente di proseguire e migliorare questo servizio metropolitano e abbiamo molti altri progetti importanti, prima di tutto riaprire subito la stazione del Rione Mancusi che entro un mese deve essere riaperta; ammodernare e rendere accessibili le stazioni di Potenza Citt\u00e0 e Potenza S. Maria, dove condividiamo un sottopasso con Rfi e abbiamo gi\u00e0 avviato interlocuzioni anche per portare la metro fino a Macchia Romana, quindi Universit\u00e0 e Ospedale e riusciremo a garantire il servizio anche nei giorni festivi. Il parcheggio rester\u00e0 gratuito e questo consentir\u00e0 di decongestionare il traffico. \u00c8 una bella pagina, anche di leale collaborazione tra Regione e Fal: loro \u00a0 devono mettere al centroi loro utenti senza dimenticare che sono nostri cittadini a cui daremo sempre il massimo\u201d.<\/p>\n<p class=\"v1MsoNormal\" dir=\"auto\">Ha concluso il\u00a0<b>Presidente della Regione Vito Bardi<\/b>:\u00a0\u201c\u00c8 un investimento di 9 milioni di euro in 10 anni, per rendere piu agevole e semplice la mobilit\u00e0 e la vita dei cittadini di Potenza. Sono iniziative decisive per la strategia dei traporti in citta; \u00e8 previsto anche un parcheggio gratuito che speriamo possa disincentivare l\u2019uso delle auto.\u00a0 Tutte queste iniziative sono importanti e vanno viste nella unitariet\u00e0 e nello sviluppo che avverr\u00e0 nel corso di questo decennio e Fal \u00e8 l\u2019organo che seguir\u00e0 tutte queste iniziative. Si concretizza con i fatti quella strategia di cui abbiamo parlato. E questi sono fatti importanti per la Regione Basilicata e per ilComune di Potenza\u201d.<\/p>\n<p class=\"v1MsoNormal\">L\u2019intero progetto di potenziamento del trasporto metropolitano di Potenza \u00e8 stato finanziato con 8,9 milioni di euro di fondi europei Po Fesr 2007-2013 assegnati dalla Regione Basilicata al Comune di Potenza ed a Fal come soggetto attuatore. Nell\u2019ambito di questo progetto Fal nella citt\u00e0 di Potenza ha gi\u00e0 realizzato importanti interventi di riqualificazione urbana, come la eliminazione dei passaggi a livello cittadini e contestuale la realizzazione dei sottopassi di Via Angilla Vecchia, Via Calabria e Via Roma.<\/p>\n<p class=\"v1MsoNormal\">Gli orari dei nuovi servizi sono disponibili, sul sito e sulla APP di Ferrovie Appulo Lucane, nonch\u00e8 su totem e pieghevoli distribuiti nelle stazioni di Potenza; contengono anche un QR code che, inquadrato con la fotocamera di un dispositivo mobile, consente di scaricare gli orari.<\/p>\n<p><a href=\"https:\/\/ferrovieappulolucane.it\/wp-content\/uploads\/2024\/10\/metro-orari-potenza.pdf\" aria-expanded=\"false\">Clicca qui per visualizzare gli orari del servizio metropolitano di Potenza in vigore dal 7 ottobre 2024<\/a><\/p>\n<div id='gallery-2' class='gallery galleryid-230738 gallery-columns-3 gallery-size-thumbnail'><figure class='gallery-item'>\n\t\t\t<div class='gallery-icon landscape'>\n\t\t\t\t<a href='https:\/\/ferrovieappulolucane.it\/wp-content\/uploads\/2024\/10\/WhatsApp-Image-2024-10-07-at-13.33.25.jpg'><img loading=\"lazy\" decoding=\"async\" width=\"150\" height=\"150\" src=\"https:\/\/ferrovieappulolucane.it\/wp-content\/uploads\/2024\/10\/WhatsApp-Image-2024-10-07-at-13.33.25-150x150.jpg\" class=\"attachment-thumbnail size-thumbnail\" alt=\"\" \/><\/a>\n\t\t\t<\/div><\/figure><figure class='gallery-item'>\n\t\t\t<div class='gallery-icon landscape'>\n\t\t\t\t<a href='https:\/\/ferrovieappulolucane.it\/wp-content\/uploads\/2024\/10\/terminal-gallitello-alto-drone.jpg'><img loading=\"lazy\" decoding=\"async\" width=\"150\" height=\"150\" src=\"https:\/\/ferrovieappulolucane.it\/wp-content\/uploads\/2024\/10\/terminal-gallitello-alto-drone-150x150.jpg\" class=\"attachment-thumbnail size-thumbnail\" alt=\"\" \/><\/a>\n\t\t\t<\/div><\/figure><figure class='gallery-item'>\n\t\t\t<div class='gallery-icon landscape'>\n\t\t\t\t<a href='https:\/\/ferrovieappulolucane.it\/wp-content\/uploads\/2024\/10\/terminal-gallitello-alto-drone-treni.jpg'><img loading=\"lazy\" decoding=\"async\" width=\"150\" height=\"150\" src=\"https:\/\/ferrovieappulolucane.it\/wp-content\/uploads\/2024\/10\/terminal-gallitello-alto-drone-treni-150x150.jpg\" class=\"attachment-thumbnail size-thumbnail\" alt=\"\" \/><\/a>\n\t\t\t<\/div><\/figure><figure class='gallery-item'>\n\t\t\t<div class='gallery-icon landscape'>\n\t\t\t\t<a href='https:\/\/ferrovieappulolucane.it\/wp-content\/uploads\/2024\/10\/esterni-terminal-gallitello.jpg'><img loading=\"lazy\" decoding=\"async\" width=\"150\" height=\"150\" src=\"https:\/\/ferrovieappulolucane.it\/wp-content\/uploads\/2024\/10\/esterni-terminal-gallitello-150x150.jpg\" class=\"attachment-thumbnail size-thumbnail\" alt=\"\" \/><\/a>\n\t\t\t<\/div><\/figure><figure class='gallery-item'>\n\t\t\t<div class='gallery-icon landscape'>\n\t\t\t\t<a href='https:\/\/ferrovieappulolucane.it\/wp-content\/uploads\/2024\/10\/07_10_24_inaugurazione-terminal-gallitello.jpg'><img loading=\"lazy\" decoding=\"async\" width=\"150\" height=\"150\" src=\"https:\/\/ferrovieappulolucane.it\/wp-content\/uploads\/2024\/10\/07_10_24_inaugurazione-terminal-gallitello-150x150.jpg\" class=\"attachment-thumbnail size-thumbnail\" alt=\"\" \/><\/a>\n\t\t\t<\/div><\/figure><figure class='gallery-item'>\n\t\t\t<div class='gallery-icon landscape'>\n\t\t\t\t<a href='https:\/\/ferrovieappulolucane.it\/wp-content\/uploads\/2024\/10\/07_10_24_inaugurazione-terminal-gallitello-zizza-mondo.jpg'><img loading=\"lazy\" decoding=\"async\" width=\"150\" height=\"150\" src=\"https:\/\/ferrovieappulolucane.it\/wp-content\/uploads\/2024\/10\/07_10_24_inaugurazione-terminal-gallitello-zizza-mondo-150x150.jpg\" class=\"attachment-thumbnail size-thumbnail\" alt=\"\" \/><\/a>\n\t\t\t<\/div><\/figure><figure class='gallery-item'>\n\t\t\t<div class='gallery-icon landscape'>\n\t\t\t\t<a href='https:\/\/ferrovieappulolucane.it\/wp-content\/uploads\/2024\/10\/07_10_24_inaugurazione-terminal-gallitello-platea.jpg'><img loading=\"lazy\" decoding=\"async\" width=\"150\" height=\"150\" src=\"https:\/\/ferrovieappulolucane.it\/wp-content\/uploads\/2024\/10\/07_10_24_inaugurazione-terminal-gallitello-platea-150x150.jpg\" class=\"attachment-thumbnail size-thumbnail\" alt=\"\" \/><\/a>\n\t\t\t<\/div><\/figure><figure class='gallery-item'>\n\t\t\t<div class='gallery-icon landscape'>\n\t\t\t\t<a href='https:\/\/ferrovieappulolucane.it\/wp-content\/uploads\/2024\/10\/07_10_24_inaugurazione-terminal-gallitello-palco.jpg'><img loading=\"lazy\" decoding=\"async\" width=\"150\" height=\"150\" src=\"https:\/\/ferrovieappulolucane.it\/wp-content\/uploads\/2024\/10\/07_10_24_inaugurazione-terminal-gallitello-palco-150x150.jpg\" class=\"attachment-thumbnail size-thumbnail\" alt=\"\" \/><\/a>\n\t\t\t<\/div><\/figure><figure class='gallery-item'>\n\t\t\t<div class='gallery-icon landscape'>\n\t\t\t\t<a href='https:\/\/ferrovieappulolucane.it\/wp-content\/uploads\/2024\/10\/07_10_24_inaugurazione-terminal-gallitello-bardi-zizza.jpg'><img loading=\"lazy\" decoding=\"async\" width=\"150\" height=\"150\" src=\"https:\/\/ferrovieappulolucane.it\/wp-content\/uploads\/2024\/10\/07_10_24_inaugurazione-terminal-gallitello-bardi-zizza-150x150.jpg\" class=\"attachment-thumbnail size-thumbnail\" alt=\"\" \/><\/a>\n\t\t\t<\/div><\/figure><figure class='gallery-item'>\n\t\t\t<div class='gallery-icon landscape'>\n\t\t\t\t<a href='https:\/\/ferrovieappulolucane.it\/wp-content\/uploads\/2024\/10\/07_10_24_inaugurazione-terminal-gallitello-3.jpg'><img loading=\"lazy\" decoding=\"async\" width=\"150\" height=\"150\" src=\"https:\/\/ferrovieappulolucane.it\/wp-content\/uploads\/2024\/10\/07_10_24_inaugurazione-terminal-gallitello-3-150x150.jpg\" class=\"attachment-thumbnail size-thumbnail\" alt=\"\" \/><\/a>\n\t\t\t<\/div><\/figure><figure class='gallery-item'>\n\t\t\t<div class='gallery-icon landscape'>\n\t\t\t\t<a href='https:\/\/ferrovieappulolucane.it\/wp-content\/uploads\/2024\/10\/07_10_24_inaugurazione-terminal-gallitello-zizza-primo-piano.jpg'><img loading=\"lazy\" decoding=\"async\" width=\"150\" height=\"150\" src=\"https:\/\/ferrovieappulolucane.it\/wp-content\/uploads\/2024\/10\/07_10_24_inaugurazione-terminal-gallitello-zizza-primo-piano-150x150.jpg\" class=\"attachment-thumbnail size-thumbnail\" alt=\"\" \/><\/a>\n\t\t\t<\/div><\/figure><figure class='gallery-item'>\n\t\t\t<div class='gallery-icon landscape'>\n\t\t\t\t<a href='https:\/\/ferrovieappulolucane.it\/wp-content\/uploads\/2024\/10\/07_10_24_inaugurazione-terminal-gallitello-zizza-pannello.jpg'><img loading=\"lazy\" decoding=\"async\" width=\"150\" height=\"150\" src=\"https:\/\/ferrovieappulolucane.it\/wp-content\/uploads\/2024\/10\/07_10_24_inaugurazione-terminal-gallitello-zizza-pannello-150x150.jpg\" class=\"attachment-thumbnail size-thumbnail\" alt=\"\" \/><\/a>\n\t\t\t<\/div><\/figure><figure class='gallery-item'>\n\t\t\t<div class='gallery-icon landscape'>\n\t\t\t\t<a href='https:\/\/ferrovieappulolucane.it\/wp-content\/uploads\/2024\/10\/07_10_24_inaugurazione-terminal-gallitello-colamussi-zizza.jpg'><img loading=\"lazy\" decoding=\"async\" width=\"150\" height=\"150\" src=\"https:\/\/ferrovieappulolucane.it\/wp-content\/uploads\/2024\/10\/07_10_24_inaugurazione-terminal-gallitello-colamussi-zizza-150x150.jpg\" class=\"attachment-thumbnail size-thumbnail\" alt=\"\" \/><\/a>\n\t\t\t<\/div><\/figure>\n\t\t<\/div>\n\n<div id='gallery-3' class='gallery galleryid-230738 gallery-columns-3 gallery-size-large'><figure class='gallery-item'>\n\t\t\t<div class='gallery-icon landscape'>\n\t\t\t\t<a href='https:\/\/ferrovieappulolucane.it\/wp-content\/uploads\/2024\/10\/IMG_7884-scaled.jpg'><img loading=\"lazy\" decoding=\"async\" width=\"640\" height=\"480\" src=\"https:\/\/ferrovieappulolucane.it\/wp-content\/uploads\/2024\/10\/IMG_7884-scaled-1024x768.jpg\" class=\"attachment-large size-large\" alt=\"\" srcset=\"https:\/\/ferrovieappulolucane.it\/wp-content\/uploads\/2024\/10\/IMG_7884-scaled-1024x768.jpg 1024w, https:\/\/ferrovieappulolucane.it\/wp-content\/uploads\/2024\/10\/IMG_7884-scaled-300x225.jpg 300w, https:\/\/ferrovieappulolucane.it\/wp-content\/uploads\/2024\/10\/IMG_7884-scaled-768x576.jpg 768w, https:\/\/ferrovieappulolucane.it\/wp-content\/uploads\/2024\/10\/IMG_7884-scaled-1536x1152.jpg 1536w, https:\/\/ferrovieappulolucane.it\/wp-content\/uploads\/2024\/10\/IMG_7884-scaled-2048x1536.jpg 2048w\" sizes=\"auto, (max-width: 640px) 100vw, 640px\" \/><\/a>\n\t\t\t<\/div><\/figure><figure class='gallery-item'>\n\t\t\t<div class='gallery-icon landscape'>\n\t\t\t\t<a href='https:\/\/ferrovieappulolucane.it\/wp-content\/uploads\/2024\/10\/IMG_7878-scaled.jpg'><img loading=\"lazy\" decoding=\"async\" width=\"640\" height=\"480\" src=\"https:\/\/ferrovieappulolucane.it\/wp-content\/uploads\/2024\/10\/IMG_7878-scaled-1024x768.jpg\" class=\"attachment-large size-large\" alt=\"\" srcset=\"https:\/\/ferrovieappulolucane.it\/wp-content\/uploads\/2024\/10\/IMG_7878-scaled-1024x768.jpg 1024w, https:\/\/ferrovieappulolucane.it\/wp-content\/uploads\/2024\/10\/IMG_7878-scaled-300x225.jpg 300w, https:\/\/ferrovieappulolucane.it\/wp-content\/uploads\/2024\/10\/IMG_7878-scaled-768x576.jpg 768w, https:\/\/ferrovieappulolucane.it\/wp-content\/uploads\/2024\/10\/IMG_7878-scaled-1536x1152.jpg 1536w, https:\/\/ferrovieappulolucane.it\/wp-content\/uploads\/2024\/10\/IMG_7878-scaled-2048x1536.jpg 2048w\" sizes=\"auto, (max-width: 640px) 100vw, 640px\" \/><\/a>\n\t\t\t<\/div><\/figure><figure class='gallery-item'>\n\t\t\t<div class='gallery-icon landscape'>\n\t\t\t\t<a href='https:\/\/ferrovieappulolucane.it\/wp-content\/uploads\/2024\/10\/IMG_7866-scaled.jpg'><img loading=\"lazy\" decoding=\"async\" width=\"640\" height=\"480\" src=\"https:\/\/ferrovieappulolucane.it\/wp-content\/uploads\/2024\/10\/IMG_7866-scaled-1024x768.jpg\" class=\"attachment-large size-large\" alt=\"\" srcset=\"https:\/\/ferrovieappulolucane.it\/wp-content\/uploads\/2024\/10\/IMG_7866-scaled-1024x768.jpg 1024w, https:\/\/ferrovieappulolucane.it\/wp-content\/uploads\/2024\/10\/IMG_7866-scaled-300x225.jpg 300w, https:\/\/ferrovieappulolucane.it\/wp-content\/uploads\/2024\/10\/IMG_7866-scaled-768x576.jpg 768w, https:\/\/ferrovieappulolucane.it\/wp-content\/uploads\/2024\/10\/IMG_7866-scaled-1536x1152.jpg 1536w, https:\/\/ferrovieappulolucane.it\/wp-content\/uploads\/2024\/10\/IMG_7866-scaled-2048x1536.jpg 2048w\" sizes=\"auto, (max-width: 640px) 100vw, 640px\" \/><\/a>\n\t\t\t<\/div><\/figure>\n\t\t<\/div>\n\n","protected":false},"excerpt":{"rendered":"<p>\u00a0 24 OTTOBRE 2024 \u2013 PRESENTATI A MATERA I NUOVI SERVIZI METROPOLITANI Sedici nuove coppie di treni, che si aggiungono [&hellip;]<\/p>\n","protected":false},"author":1,"featured_media":0,"parent":0,"menu_order":0,"comment_status":"closed","ping_status":"closed","template":"single-eventi.php","meta":{"footnotes":""},"class_list":["post-230738","page","type-page","status-publish","hentry"],"yoast_head":"<title>Tutta tua la citt\u00e0 - Presentazione - Ferrovie Appulo Lucane<\/title>\n<meta name=\"robots\" content=\"index, follow, max-snippet:-1, max-image-preview:large, max-video-preview:-1\" \/>\n<link rel=\"canonical\" href=\"https:\/\/ferrovieappulolucane.it\/tutta-tua-la-citta-presentazione\/\" \/>\n<meta property=\"og:locale\" content=\"en_US\" \/>\n<meta property=\"og:type\" content=\"article\" \/>\n<meta property=\"og:title\" content=\"Tutta tua la citt\u00e0 - Presentazione - Ferrovie Appulo Lucane\" \/>\n<meta property=\"og:description\" content=\"\u00a0 24 OTTOBRE 2024 \u2013 PRESENTATI A MATERA I NUOVI SERVIZI METROPOLITANI Sedici nuove coppie di treni, che si aggiungono [&hellip;]\" \/>\n<meta property=\"og:url\" content=\"https:\/\/ferrovieappulolucane.it\/tutta-tua-la-citta-presentazione\/\" \/>\n<meta property=\"og:site_name\" content=\"Ferrovie Appulo Lucane\" \/>\n<meta property=\"article:publisher\" content=\"https:\/\/www.facebook.com\/ferrovie.appulolucane\/\" \/>\n<meta property=\"article:modified_time\" content=\"2024-10-24T12:18:26+00:00\" \/>\n<meta property=\"og:image\" content=\"https:\/\/ferrovieappulolucane.it\/wp-content\/uploads\/2024\/10\/WhatsApp-Image-2024-10-24-at-13.00.44-2-150x150.jpg\" \/>\n<meta name=\"twitter:card\" content=\"summary_large_image\" \/>\n<meta name=\"twitter:label1\" content=\"Est. reading time\" \/>\n\t<meta name=\"twitter:data1\" content=\"10 minutes\" \/>\n<script type=\"application\/ld+json\" class=\"yoast-schema-graph\">{\"@context\":\"https:\/\/schema.org\",\"@graph\":[{\"@type\":\"WebPage\",\"@id\":\"https:\/\/ferrovieappulolucane.it\/tutta-tua-la-citta-presentazione\/\",\"url\":\"https:\/\/ferrovieappulolucane.it\/tutta-tua-la-citta-presentazione\/\",\"name\":\"Tutta tua la citt\u00e0 - Presentazione - Ferrovie Appulo Lucane\",\"isPartOf\":{\"@id\":\"https:\/\/ferrovieappulolucane.it\/#website\"},\"primaryImageOfPage\":{\"@id\":\"https:\/\/ferrovieappulolucane.it\/tutta-tua-la-citta-presentazione\/#primaryimage\"},\"image\":{\"@id\":\"https:\/\/ferrovieappulolucane.it\/tutta-tua-la-citta-presentazione\/#primaryimage\"},\"thumbnailUrl\":\"https:\/\/ferrovieappulolucane.it\/wp-content\/uploads\/2024\/10\/tuttatualacitta-campagna.jpg\",\"datePublished\":\"2024-10-04T11:10:22+00:00\",\"dateModified\":\"2024-10-24T12:18:26+00:00\",\"breadcrumb\":{\"@id\":\"https:\/\/ferrovieappulolucane.it\/tutta-tua-la-citta-presentazione\/#breadcrumb\"},\"inLanguage\":\"en-US\",\"potentialAction\":[{\"@type\":\"ReadAction\",\"target\":[\"https:\/\/ferrovieappulolucane.it\/tutta-tua-la-citta-presentazione\/\"]}]},{\"@type\":\"ImageObject\",\"inLanguage\":\"en-US\",\"@id\":\"https:\/\/ferrovieappulolucane.it\/tutta-tua-la-citta-presentazione\/#primaryimage\",\"url\":\"https:\/\/ferrovieappulolucane.it\/wp-content\/uploads\/2024\/10\/tuttatualacitta-campagna.jpg\",\"contentUrl\":\"https:\/\/ferrovieappulolucane.it\/wp-content\/uploads\/2024\/10\/tuttatualacitta-campagna.jpg\"},{\"@type\":\"BreadcrumbList\",\"@id\":\"https:\/\/ferrovieappulolucane.it\/tutta-tua-la-citta-presentazione\/#breadcrumb\",\"itemListElement\":[{\"@type\":\"ListItem\",\"position\":1,\"name\":\"Home\",\"item\":\"https:\/\/ferrovieappulolucane.it\/\"},{\"@type\":\"ListItem\",\"position\":2,\"name\":\"Tutta tua la citt\u00e0 &#8211; Presentazione\"}]},{\"@type\":\"WebSite\",\"@id\":\"https:\/\/ferrovieappulolucane.it\/#website\",\"url\":\"https:\/\/ferrovieappulolucane.it\/\",\"name\":\"Ferrovie Appulo Lucane\",\"description\":\"Sito ufficiale\",\"publisher\":{\"@id\":\"https:\/\/ferrovieappulolucane.it\/#organization\"},\"potentialAction\":[{\"@type\":\"SearchAction\",\"target\":{\"@type\":\"EntryPoint\",\"urlTemplate\":\"https:\/\/ferrovieappulolucane.it\/?s={search_term_string}\"},\"query-input\":{\"@type\":\"PropertyValueSpecification\",\"valueRequired\":true,\"valueName\":\"search_term_string\"}}],\"inLanguage\":\"en-US\"},{\"@type\":\"Organization\",\"@id\":\"https:\/\/ferrovieappulolucane.it\/#organization\",\"name\":\"Ferrovie Appulo Lucane\",\"url\":\"https:\/\/ferrovieappulolucane.it\/\",\"logo\":{\"@type\":\"ImageObject\",\"inLanguage\":\"en-US\",\"@id\":\"https:\/\/ferrovieappulolucane.it\/#\/schema\/logo\/image\/\",\"url\":\"https:\/\/ferrovieappulolucane.it\/wp-content\/uploads\/2024\/10\/logo-fal.png\",\"contentUrl\":\"https:\/\/ferrovieappulolucane.it\/wp-content\/uploads\/2024\/10\/logo-fal.png\",\"width\":207,\"height\":95,\"caption\":\"Ferrovie Appulo Lucane\"},\"image\":{\"@id\":\"https:\/\/ferrovieappulolucane.it\/#\/schema\/logo\/image\/\"},\"sameAs\":[\"https:\/\/www.facebook.com\/ferrovie.appulolucane\/\",\"https:\/\/www.youtube.com\/channel\/UCks_n3GFNxv6Kg5Qk8f-HHA\"]}]}<\/script>","yoast_head_json":{"title":"Tutta tua la citt\u00e0 - Presentazione - Ferrovie Appulo Lucane","robots":{"index":"index","follow":"follow","max-snippet":"max-snippet:-1","max-image-preview":"max-image-preview:large","max-video-preview":"max-video-preview:-1"},"canonical":"https:\/\/ferrovieappulolucane.it\/tutta-tua-la-citta-presentazione\/","og_locale":"en_US","og_type":"article","og_title":"Tutta tua la citt\u00e0 - Presentazione - Ferrovie Appulo Lucane","og_description":"\u00a0 24 OTTOBRE 2024 \u2013 PRESENTATI A MATERA I NUOVI SERVIZI METROPOLITANI Sedici nuove coppie di treni, che si aggiungono [&hellip;]","og_url":"https:\/\/ferrovieappulolucane.it\/tutta-tua-la-citta-presentazione\/","og_site_name":"Ferrovie Appulo Lucane","article_publisher":"https:\/\/www.facebook.com\/ferrovie.appulolucane\/","article_modified_time":"2024-10-24T12:18:26+00:00","og_image":[{"url":"https:\/\/ferrovieappulolucane.it\/wp-content\/uploads\/2024\/10\/WhatsApp-Image-2024-10-24-at-13.00.44-2-150x150.jpg","type":"","width":"","height":""}],"twitter_card":"summary_large_image","twitter_misc":{"Est. reading time":"10 minutes"},"schema":{"@context":"https:\/\/schema.org","@graph":[{"@type":"WebPage","@id":"https:\/\/ferrovieappulolucane.it\/tutta-tua-la-citta-presentazione\/","url":"https:\/\/ferrovieappulolucane.it\/tutta-tua-la-citta-presentazione\/","name":"Tutta tua la citt\u00e0 - Presentazione - Ferrovie Appulo Lucane","isPartOf":{"@id":"https:\/\/ferrovieappulolucane.it\/#website"},"primaryImageOfPage":{"@id":"https:\/\/ferrovieappulolucane.it\/tutta-tua-la-citta-presentazione\/#primaryimage"},"image":{"@id":"https:\/\/ferrovieappulolucane.it\/tutta-tua-la-citta-presentazione\/#primaryimage"},"thumbnailUrl":"https:\/\/ferrovieappulolucane.it\/wp-content\/uploads\/2024\/10\/tuttatualacitta-campagna.jpg","datePublished":"2024-10-04T11:10:22+00:00","dateModified":"2024-10-24T12:18:26+00:00","breadcrumb":{"@id":"https:\/\/ferrovieappulolucane.it\/tutta-tua-la-citta-presentazione\/#breadcrumb"},"inLanguage":"en-US","potentialAction":[{"@type":"ReadAction","target":["https:\/\/ferrovieappulolucane.it\/tutta-tua-la-citta-presentazione\/"]}]},{"@type":"ImageObject","inLanguage":"en-US","@id":"https:\/\/ferrovieappulolucane.it\/tutta-tua-la-citta-presentazione\/#primaryimage","url":"https:\/\/ferrovieappulolucane.it\/wp-content\/uploads\/2024\/10\/tuttatualacitta-campagna.jpg","contentUrl":"https:\/\/ferrovieappulolucane.it\/wp-content\/uploads\/2024\/10\/tuttatualacitta-campagna.jpg"},{"@type":"BreadcrumbList","@id":"https:\/\/ferrovieappulolucane.it\/tutta-tua-la-citta-presentazione\/#breadcrumb","itemListElement":[{"@type":"ListItem","position":1,"name":"Home","item":"https:\/\/ferrovieappulolucane.it\/"},{"@type":"ListItem","position":2,"name":"Tutta tua la citt\u00e0 &#8211; Presentazione"}]},{"@type":"WebSite","@id":"https:\/\/ferrovieappulolucane.it\/#website","url":"https:\/\/ferrovieappulolucane.it\/","name":"Ferrovie Appulo Lucane","description":"Sito ufficiale","publisher":{"@id":"https:\/\/ferrovieappulolucane.it\/#organization"},"potentialAction":[{"@type":"SearchAction","target":{"@type":"EntryPoint","urlTemplate":"https:\/\/ferrovieappulolucane.it\/?s={search_term_string}"},"query-input":{"@type":"PropertyValueSpecification","valueRequired":true,"valueName":"search_term_string"}}],"inLanguage":"en-US"},{"@type":"Organization","@id":"https:\/\/ferrovieappulolucane.it\/#organization","name":"Ferrovie Appulo Lucane","url":"https:\/\/ferrovieappulolucane.it\/","logo":{"@type":"ImageObject","inLanguage":"en-US","@id":"https:\/\/ferrovieappulolucane.it\/#\/schema\/logo\/image\/","url":"https:\/\/ferrovieappulolucane.it\/wp-content\/uploads\/2024\/10\/logo-fal.png","contentUrl":"https:\/\/ferrovieappulolucane.it\/wp-content\/uploads\/2024\/10\/logo-fal.png","width":207,"height":95,"caption":"Ferrovie Appulo Lucane"},"image":{"@id":"https:\/\/ferrovieappulolucane.it\/#\/schema\/logo\/image\/"},"sameAs":["https:\/\/www.facebook.com\/ferrovie.appulolucane\/","https:\/\/www.youtube.com\/channel\/UCks_n3GFNxv6Kg5Qk8f-HHA"]}]}},"publishpress_future_action":{"enabled":false,"date":"2026-05-08 15:08:21","action":"change-status","newStatus":"draft","terms":[],"taxonomy":"translation_priority","extraData":[]},"publishpress_future_workflow_manual_trigger":{"enabledWorkflows":[]},"_links":{"self":[{"href":"https:\/\/ferrovieappulolucane.it\/en\/wp-json\/wp\/v2\/pages\/230738","targetHints":{"allow":["GET"]}}],"collection":[{"href":"https:\/\/ferrovieappulolucane.it\/en\/wp-json\/wp\/v2\/pages"}],"about":[{"href":"https:\/\/ferrovieappulolucane.it\/en\/wp-json\/wp\/v2\/types\/page"}],"author":[{"embeddable":true,"href":"https:\/\/ferrovieappulolucane.it\/en\/wp-json\/wp\/v2\/users\/1"}],"replies":[{"embeddable":true,"href":"https:\/\/ferrovieappulolucane.it\/en\/wp-json\/wp\/v2\/comments?post=230738"}],"version-history":[{"count":17,"href":"https:\/\/ferrovieappulolucane.it\/en\/wp-json\/wp\/v2\/pages\/230738\/revisions"}],"predecessor-version":[{"id":231021,"href":"https:\/\/ferrovieappulolucane.it\/en\/wp-json\/wp\/v2\/pages\/230738\/revisions\/231021"}],"wp:attachment":[{"href":"https:\/\/ferrovieappulolucane.it\/en\/wp-json\/wp\/v2\/media?parent=230738"}],"curies":[{"name":"wp","href":"https:\/\/api.w.org\/{rel}","templated":true}]}}